{"id":1848,"date":"2019-01-03T09:12:18","date_gmt":"2019-01-03T14:12:18","guid":{"rendered":"https:\/\/www.cifst.ca\/?page_id=1848"},"modified":"2024-04-19T16:23:44","modified_gmt":"2024-04-19T20:23:44","slug":"conseil-dadministration","status":"publish","type":"page","link":"https:\/\/cifst.ca\/fr\/a-propos-de-nous\/conseil-dadministration\/","title":{"rendered":"Conseil d\u2019administration"},"content":{"rendered":"<p>[et_pb_section fb_built=&#8221;1&#8243; _builder_version=&#8221;4.16&#8243; global_colors_info=&#8221;{}&#8221;][et_pb_row _builder_version=&#8221;4.16&#8243; background_size=&#8221;initial&#8221; background_position=&#8221;top_left&#8221; background_repeat=&#8221;repeat&#8221; global_colors_info=&#8221;{}&#8221;][et_pb_column type=&#8221;4_4&#8243; _builder_version=&#8221;4.16&#8243; custom_padding=&#8221;|||&#8221; global_colors_info=&#8221;{}&#8221; custom_padding__hover=&#8221;|||&#8221;][et_pb_text _builder_version=&#8221;4.16&#8243; global_colors_info=&#8221;{}&#8221;]<\/p>\n<h2>CONSEIL D\u2019ADMINISTRATION<\/h2>\n<p>[\/et_pb_text][\/et_pb_column][\/et_pb_row][et_pb_row column_structure=&#8221;1_2,1_2&#8243; _builder_version=&#8221;4.16&#8243; background_size=&#8221;initial&#8221; background_position=&#8221;top_left&#8221; background_repeat=&#8221;repeat&#8221; global_colors_info=&#8221;{}&#8221;][et_pb_column type=&#8221;1_2&#8243; _builder_version=&#8221;4.16&#8243; custom_padding=&#8221;|||&#8221; global_colors_info=&#8221;{}&#8221; custom_padding__hover=&#8221;|||&#8221;][et_pb_text _builder_version=&#8221;4.23.1&#8243; global_colors_info=&#8221;{}&#8221;]<span style=\"\">L\u2019ICSTA est administr\u00e9 par un <strong>conseil d\u2019administration<\/strong> form\u00e9 de b\u00e9n\u00e9voles \u00e9lus par ses membres. <strong>\u00a0Le conseil d\u2019administration, par le biais des r\u00e8glements de l\u2019ICSTA, a le plein pouvoir d\u2019agir au nom des membres afin de mettre \u00e0 ex\u00e9cution les objectifs de l\u2019ICSTA. <\/strong><\/span><\/p>\n<p><span style=\"\"><strong>\u00a0<\/strong>Le conseil d\u2019administration est compos\u00e9 de:<\/span><\/p>\n<ul>\n<li><span style=\"\">Pr\u00e9sident (\u00e9galement pr\u00e9sident du comit\u00e9 ex\u00e9cutif)<\/span><\/li>\n<li><span style=\"\">Pr\u00e9sident d\u00e9sign\u00e9 (membre du comit\u00e9 ex\u00e9cutif)<\/span><\/li>\n<li><span style=\"\">Pr\u00e9sident sortant (membre du comit\u00e9 ex\u00e9cutif)<\/span><\/li>\n<li><span style=\"\">Directeur \u2013 Liaison conseil consultatif des sections<\/span><\/li>\n<li><span style=\"\">Directeur \u2013 Liaison conseil consultatif des groupes d\u2019int\u00e9r\u00eat<\/span><\/li>\n<li><span style=\"\">Directeur \u2013 Liaison du comit\u00e9 des projets sp\u00e9ciaux<\/span><\/li>\n<li><span style=\"\">Directeur \u2013 Liaison du comit\u00e9 des projets sp\u00e9ciaux<\/span><\/li>\n<li><span style=\"\">Directeur ex\u00e9cutif (membre sans droit de vote)<\/span><\/li>\n<\/ul>\n<p><span style=\"\">Les activit\u00e9s nationales de l\u2019ICSTA sont g\u00e9r\u00e9es par une <strong>Soci\u00e9t\u00e9 de gestion d\u2019association<\/strong>\/<strong>Association Management Company (AMC)<\/strong>\u00a0et par un <strong>directeur ex\u00e9cutif.<\/strong>\u00a0 Les responsabilit\u00e9s du directeur ex\u00e9cutif comprennent fournir le soutien \u00e0 la gouvernance au conseil d\u2019administration, au comit\u00e9 ex\u00e9cutif et aux sections, ainsi que la coordination des comit\u00e9s nationaux, de l\u2019ensemble des membres, des communications ainsi que des op\u00e9rations du bureau.opw<\/span>[\/et_pb_text][\/et_pb_column][et_pb_column type=&#8221;1_2&#8243; _builder_version=&#8221;4.16&#8243; custom_padding=&#8221;|||&#8221; global_colors_info=&#8221;{}&#8221; custom_padding__hover=&#8221;|||&#8221;][et_pb_accordion module_class=&#8221;board_of_directors&#8221; _builder_version=&#8221;4.24.2&#8243; hover_enabled=&#8221;0&#8243; global_colors_info=&#8221;{}&#8221; sticky_enabled=&#8221;0&#8243;][et_pb_accordion_item title=&#8221;Dr. Yvonne Yuan &#8211; Pr\u00e9sidente&#8221; open=&#8221;on&#8221; _builder_version=&#8221;4.23.1&#8243; _module_preset=&#8221;default&#8221; global_colors_info=&#8221;{}&#8221;]<\/p>\n<blockquote>\n<p><strong>Employeur : <\/strong>Universit\u00e9 m\u00e9tropolitaine de Toronto<br \/><strong>Poste :<\/strong>\u00a0Professeure associ\u00e9e<\/p>\n<p><strong>T: <\/strong>416-979-5000<\/p>\n<p><strong>LinkedIn<\/strong>: <a href=\"https:\/\/www.linkedin.com\/in\/yvonne-yuan-8214621b9\/\" target=\"_blank\" rel=\"noopener\">https:\/\/www.linkedin.com\/in\/yvonne-yuan-8214621b9\/<\/a><\/p>\n<\/blockquote>\n<p>[\/et_pb_accordion_item][et_pb_accordion_item title=&#8221;M. Louis Ayotte &#8211; Pr\u00e9sident sortant &#8221; _builder_version=&#8221;4.23.1&#8243; global_colors_info=&#8221;{}&#8221; open=&#8221;off&#8221;]<\/p>\n<blockquote>\n<p><strong>Poste :<\/strong>\u00a0Retrait\u00e9<span id=\"ctl00_content_contactForm_contactFormRepeater_ctl21_TextBoxLabel9446289\" data-wacopycontent=\"1\"><\/span><\/p>\n<p><strong>LinkedIn:<\/strong>\u00a0<a href=\"https:\/\/www.linkedin.com\/in\/louisayotte\/\" target=\"_blank\" rel=\"noopener\">https:\/\/www.linkedin.com\/in\/louisayotte\/<\/a><\/p>\n<\/blockquote>\n<p>[\/et_pb_accordion_item][et_pb_accordion_item title=&#8221;Mme Tanya Der &#8211; Directrice&#8221; _builder_version=&#8221;4.23.1&#8243; _module_preset=&#8221;default&#8221; global_colors_info=&#8221;{}&#8221; open=&#8221;off&#8221;]<\/p>\n<blockquote>\n<p><strong>Employeur : <\/strong>Pulse Canada<br \/><strong>Poste :<\/strong>\u00a0Directrice de l\u2019innovation alimentaire et du marketing<\/p>\n<p><strong>T:<\/strong> <span id=\"ctl00_content_contactForm_contactFormRepeater_ctl16_TextBoxLabel9446295\" data-wacopycontent=\"1\">204-925-3783<\/span><span id=\"ctl00_content_contactForm_contactFormRepeater_ctl21_TextBoxLabel9446289\" data-wacopycontent=\"1\"><\/span><\/p>\n<p><strong>LinkedIn:<\/strong><a href=\"https:\/\/www.linkedin.com\/in\/tanya-der-6676722\/\" target=\"_blank\" rel=\"noopener\"> https:\/\/www.linkedin.com\/in\/tanya-der-6676722\/<\/a><\/p>\n<\/blockquote>\n<p>[\/et_pb_accordion_item][et_pb_accordion_item title=&#8221;Dr. Marcia English &#8211; Directrice, Liaison avec le comit\u00e9 consultatif scientifique&#8221; _builder_version=&#8221;4.23.1&#8243; _module_preset=&#8221;default&#8221; global_colors_info=&#8221;{}&#8221; open=&#8221;off&#8221;]<\/p>\n<blockquote>\n<p><strong>Employeur : <\/strong>Universit\u00e9 St. Francis Xavier, D\u00e9partement de nutrition humaine<br \/><strong>Poste :<\/strong> professeur agr\u00e9g\u00e9<\/p>\n<p><strong>T:<\/strong> <span id=\"ctl00_content_contactForm_contactFormRepeater_ctl16_TextBoxLabel9446295\">902-867-5935<br \/><\/span><strong>W<\/strong>: <a href=\"https:\/\/x-foodresearchlab.com\/\" target=\"_blank\" rel=\"noopener\">https:\/\/x-foodresearchlab.com\/<\/a><\/p>\n<\/blockquote>\n<p>[\/et_pb_accordion_item][et_pb_accordion_item title=&#8221;M. Fran\u00e7ois Girard &#8211; Director&#8221; _builder_version=&#8221;4.23.1&#8243; _module_preset=&#8221;default&#8221; global_colors_info=&#8221;{}&#8221; open=&#8221;off&#8221;]<\/p>\n<blockquote>\n<p><strong>Employeur : <\/strong>Qualtech<br \/><strong>Poste :<\/strong>\u00a0Coordonnateur d\u2019optimisation des proc\u00e9d\u00e9s<\/p>\n<p><strong>LinkedIn: <\/strong><a href=\"https:\/\/www.linkedin.com\/in\/francois-girard-a97237113\/\" target=\"_blank\" rel=\"noopener\">https:\/\/www.linkedin.com\/in\/francois-girard-a97237113\/<\/a><\/p>\n<\/blockquote>\n<p>[\/et_pb_accordion_item][et_pb_accordion_item title=&#8221;Mme Amanda Goodyear &#8211; Directrice&#8221; _builder_version=&#8221;4.23.1&#8243; _module_preset=&#8221;default&#8221; global_colors_info=&#8221;{}&#8221; open=&#8221;off&#8221;]<\/p>\n<blockquote>\n<p><strong>Employeur : <\/strong>R\u00e9seau canadien d\u2019innovation en alimentation (RCIA)<br \/><strong>Poste :<\/strong>\u00a0Directrice r\u00e9gionale de l\u2019Innovation \u2013 BC\/Yukon<\/p>\n<p><strong>LinkedIn: <\/strong><a href=\"https:\/\/www.linkedin.com\/in\/amanda-goodyear-9b41bb57\/\" target=\"_blank\" rel=\"noopener\">https:\/\/www.linkedin.com\/in\/amanda-goodyear-9b41bb57\/<\/a><\/p>\n<\/blockquote>\n<p>[\/et_pb_accordion_item][et_pb_accordion_item title=&#8221;Mme Lavina Gully &#8211; Directrice&#8221; _builder_version=&#8221;4.23.1&#8243; _module_preset=&#8221;default&#8221; global_colors_info=&#8221;{}&#8221; open=&#8221;off&#8221;]<\/p>\n<blockquote>\n<p><strong>Employeur : <\/strong>R\u00e9seau canadien d\u2019innovation en alimentation (RCIA)<br \/><strong>Poste :<\/strong>\u00a0Directrice r\u00e9gionale de l\u2019Innovation \u2013 BC\/Yukon<\/p>\n<p><strong>LinkedIn<\/strong>: <a href=\"https:\/\/www.linkedin.com\/in\/lavinagully\/\" target=\"_blank\" rel=\"noopener\">https:\/\/www.linkedin.com\/in\/lavinagully\/<\/a><\/p>\n<\/blockquote>\n<p>[\/et_pb_accordion_item][et_pb_accordion_item title=&#8221;M. Gordon Hayburn &#8211; Directeur&#8221; _builder_version=&#8221;4.23.1&#8243; _module_preset=&#8221;default&#8221; global_colors_info=&#8221;{}&#8221; open=&#8221;off&#8221;]<\/p>\n<blockquote>\n<p><strong>Employeur : <\/strong>The FACTS Group<br \/><strong>Poste :<\/strong>\u00a0Pr\u00e9sident<\/p>\n<p><strong>LinkedIn<\/strong>: <a href=\"https:\/\/www.linkedin.com\/in\/gordon-hayburn-9418789\/\" target=\"_blank\" rel=\"noopener\">https:\/\/www.linkedin.com\/in\/gordon-hayburn-9418789\/<\/a><\/p>\n<\/blockquote>\n<p>[\/et_pb_accordion_item][et_pb_accordion_item title=&#8221;M. John G. Keogh, CAIE &#8211; Directeur, Liaison avec le comit\u00e9 consultatif scientifique&#8221; _builder_version=&#8221;4.24.2&#8243; _module_preset=&#8221;default&#8221; hover_enabled=&#8221;0&#8243; global_colors_info=&#8221;{}&#8221; open=&#8221;off&#8221; sticky_enabled=&#8221;0&#8243;]<\/p>\n<blockquote>\n<p><strong>Employeur : <\/strong>Shantalla Insight Partners LLC<br \/><strong>Poste :<\/strong> Fondateur\/Directeur G\u00e9n\u00e9ral<\/p>\n<p><strong>LinkedIn: <\/strong><a href=\"https:\/\/www.linkedin.com\/in\/johngkeogh\/\" target=\"_blank\" rel=\"noopener\">https:\/\/www.linkedin.com\/in\/johngkeogh\/<\/a><\/p>\n<\/blockquote>\n<p>[\/et_pb_accordion_item][et_pb_accordion_item title=&#8221;Mme Sara Lui &#8211; Directrice&#8221; _builder_version=&#8221;4.23.1&#8243; _module_preset=&#8221;default&#8221; global_colors_info=&#8221;{}&#8221; open=&#8221;off&#8221;]<\/p>\n<blockquote>\n<p><strong>Employeur : <\/strong>Saskatchewan Food Industry Development Centre Inc.<br \/><strong>Poste :<\/strong>\u00a0Direcrice d\u2019innovation de nouveaux produits<\/p>\n<p><strong>LinkedIn: <\/strong><a href=\"https:\/\/www.linkedin.com\/in\/sara-lui-6802b943\/\" target=\"_blank\" rel=\"noopener\">https:\/\/www.linkedin.com\/in\/sara-lui-6802b943\/<\/a><\/p>\n<\/blockquote>\n<p>[\/et_pb_accordion_item][et_pb_accordion_item title=&#8221;Dr. Jianping Wu &#8211; Directeur&#8221; _builder_version=&#8221;4.23.1&#8243; _module_preset=&#8221;default&#8221; global_colors_info=&#8221;{}&#8221; open=&#8221;off&#8221;]<\/p>\n<blockquote>\n<p><strong>Employeur : <\/strong>Universit\u00e9 de l\u2019Alberta<br \/><strong>Poste :<\/strong>\u00a0Professeur<\/p>\n<p><strong>LinkedIn<\/strong>: <a href=\"https:\/\/www.linkedin.com\/in\/jianping-wu-7523b66a\/\" target=\"_blank\" rel=\"noopener\">https:\/\/www.linkedin.com\/in\/jianping-wu-7523b66a\/<\/a><\/p>\n<\/blockquote>\n<p>[\/et_pb_accordion_item][et_pb_accordion_item title=&#8221;Mme Heidi Loney, DES &#8211; ex officio&#8221; _builder_version=&#8221;4.23.1&#8243; _module_preset=&#8221;default&#8221; global_colors_info=&#8221;{}&#8221; open=&#8221;off&#8221;]<\/p>\n<blockquote>\n<p><strong>Employeur : <\/strong>Institut canadien de science et technologie alimentaires<br \/><strong>Poste :<\/strong>\u00a0Directrice ex\u00e9cutive<\/p>\n<p><strong>T: <\/strong>1<strong>&#8211;<\/strong>844-755-6679<\/p>\n<p><strong>LinkedIn: <\/strong><a href=\"https:\/\/www.linkedin.com\/in\/heidi-loney-des-1b377b63\/\" target=\"_blank\" rel=\"noopener\">https:\/\/www.linkedin.com\/in\/heidi-loney-des-1b377b63\/<\/a><\/p>\n<\/blockquote>\n<p>[\/et_pb_accordion_item][\/et_pb_accordion][\/et_pb_column][\/et_pb_row][\/et_pb_section]<\/p>\n","protected":false},"excerpt":{"rendered":"<p>CONSEIL D\u2019ADMINISTRATION L\u2019ICSTA est administr\u00e9 par un conseil d\u2019administration form\u00e9 de b\u00e9n\u00e9voles \u00e9lus par ses membres. \u00a0Le conseil d\u2019administration, par le biais des r\u00e8glements de l\u2019ICSTA, a le plein pouvoir d\u2019agir au nom des membres afin de mettre \u00e0 ex\u00e9cution les objectifs de l\u2019ICSTA. \u00a0Le conseil d\u2019administration est compos\u00e9 de: Pr\u00e9sident (\u00e9galement pr\u00e9sident du comit\u00e9 [&hellip;]<\/p>\n","protected":false},"author":5,"featured_media":0,"parent":1832,"menu_order":0,"comment_status":"closed","ping_status":"closed","template":"","meta":{"_acf_changed":false,"_et_pb_use_builder":"on","_et_pb_old_content":"","_et_gb_content_width":"","inline_featured_image":false,"footnotes":""},"class_list":["post-1848","page","type-page","status-publish","hentry"],"acf":[],"publishpress_future_action":{"enabled":false,"date":"2026-05-07 19:27:09","action":"change-status","newStatus":"draft","terms":[],"taxonomy":"translation_priority","extraData":[]},"publishpress_future_workflow_manual_trigger":{"enabledWorkflows":[]},"_links":{"self":[{"href":"https:\/\/cifst.ca\/fr\/wp-json\/wp\/v2\/pages\/1848","targetHints":{"allow":["GET"]}}],"collection":[{"href":"https:\/\/cifst.ca\/fr\/wp-json\/wp\/v2\/pages"}],"about":[{"href":"https:\/\/cifst.ca\/fr\/wp-json\/wp\/v2\/types\/page"}],"author":[{"embeddable":true,"href":"https:\/\/cifst.ca\/fr\/wp-json\/wp\/v2\/users\/5"}],"replies":[{"embeddable":true,"href":"https:\/\/cifst.ca\/fr\/wp-json\/wp\/v2\/comments?post=1848"}],"version-history":[{"count":27,"href":"https:\/\/cifst.ca\/fr\/wp-json\/wp\/v2\/pages\/1848\/revisions"}],"predecessor-version":[{"id":10889,"href":"https:\/\/cifst.ca\/fr\/wp-json\/wp\/v2\/pages\/1848\/revisions\/10889"}],"up":[{"embeddable":true,"href":"https:\/\/cifst.ca\/fr\/wp-json\/wp\/v2\/pages\/1832"}],"wp:attachment":[{"href":"https:\/\/cifst.ca\/fr\/wp-json\/wp\/v2\/media?parent=1848"}],"curies":[{"name":"wp","href":"https:\/\/api.w.org\/{rel}","templated":true}]}}